{"id":12954,"date":"2024-01-31T13:49:11","date_gmt":"2024-01-31T12:49:11","guid":{"rendered":"https:\/\/www.gba-polska.pl\/expertos\/"},"modified":"2024-12-12T14:50:53","modified_gmt":"2024-12-12T13:50:53","slug":"experts","status":"publish","type":"page","link":"https:\/\/www.gba-polska.pl\/fr\/experts\/","title":{"rendered":"Experts"},"content":{"rendered":"<p><section id=\"bt_bb_section69f51ec2ae424\" class=\"bt_bb_section bt_bb_color_scheme_11 bt_bb_layout_boxed_1200 bt_bb_vertical_align_top bt_bb_background_overlay_dark_solid bt_bb_top_spacing_extra_large bt_bb_bottom_spacing_large bt-dark-skin\" style=\"; --section-primary-color:#ffffff; --section-secondary-color:#181818;\" data-bt-override-class=\"null\"><div class=\"bt_bb_background_image_holder_wrapper\"><div class=\"bt_bb_background_image_holder btLazyLoadBackground\"  data-background_image_src=\"https:\/\/www.gba-polska.pl\/wp-content\/uploads\/2024\/02\/GBA-POLSKA-cosmetic-sales-team-2.jpg\" data-parallax-zoom-start=\"1\" data-parallax-zoom-end=\"1\" data-parallax-blur-start=\"0\" data-parallax-blur-end=\"0\" data-parallax-opacity-start=\"1\" data-parallax-opacity-end=\"1\" style=\" background-image: url(&#039;https:\/\/www.gba-polska.pl\/wp-content\/plugins\/bold-page-builder\/img\/blank.gif&#039;);\"><\/div><\/div><div class=\"bt_bb_port\"><div class=\"bt_bb_cell\"><div class=\"bt_bb_cell_inner\"><div class=\"bt_bb_row \"  data-bt-override-class=\"{}\"><div class=\"bt_bb_row_holder\" ><div  class=\"bt_bb_column col-xxl-6 col-xl-6 bt_bb_vertical_align_top bt_bb_align_left bt_bb_padding_normal bt_bb_animation_fade_in zoom_out animate\" style=\"; --column-width:6;\" data-width=\"6\" data-bt-override-class=\"{}\"><div class=\"bt_bb_column_content\"><div class=\"bt_bb_column_content_inner\"><header class=\"bt_bb_headline bt_bb_dash_top bt_bb_superheadline bt_bb_size_large bt_bb_align_inherit\" data-bt-override-class=\"null\"><h1><span class=\"bt_bb_headline_superheadline\"><span>Cosm\u00e9tiques<\/span><\/span><span class=\"bt_bb_headline_content\"><span>Experts<\/span><\/span><\/h1><\/header><div class=\"bt_bb_separator bt_bb_border_style_none bt_bb_bottom_spacing_60\" data-bt-override-class=\"null\"><\/div><\/div><\/div><\/div><div  class=\"bt_bb_column col-xxl-6 col-xl-6 bt_bb_vertical_align_top bt_bb_align_right bt_bb_padding_40 bt_bb_animation_fade_in zoom_out animate\" style=\"; --column-width:6;\" data-width=\"6\" data-bt-override-class=\"{&quot;bt_bb_align_&quot;:{&quot;current_class&quot;:&quot;bt_bb_align_right&quot;,&quot;def&quot;:&quot;right&quot;,&quot;xl&quot;:&quot;right&quot;}}\"><div class=\"bt_bb_column_content\"><div class=\"bt_bb_column_content_inner\"><\/div><\/div><\/div><\/div><\/div><\/div><!-- cell_inner --><\/div><!-- cell --><\/div><!-- port --><\/section><section id=\"bt_bb_section69f51ec2aef45\" class=\"bt_bb_section bt_bb_color_scheme_2 bt_bb_layout_boxed_1200 bt_bb_vertical_align_top bt_bb_top_spacing_large bt_bb_bottom_spacing_large\" style=\"z-index: 1;; --section-primary-color:#000000; --section-secondary-color:#ffffff;\" data-bt-override-class=\"null\"><div class=\"bt_bb_port\"><div class=\"bt_bb_cell\"><div class=\"bt_bb_cell_inner\"><div class=\"bt_bb_row \"  data-bt-override-class=\"{}\"><div class=\"bt_bb_row_holder\" ><div  class=\"bt_bb_column col-xxl-12 col-xl-12 col-xs-12 col-sm-12 col-md-12 col-lg-12 bt_bb_vertical_align_top bt_bb_align_left bt_bb_padding_40 bt_bb_animation_fade_in zoom_out animate\" style=\"; --column-width:12;\" data-width=\"12\" data-bt-override-class=\"{&quot;bt_bb_align_&quot;:{&quot;current_class&quot;:&quot;bt_bb_align_left&quot;,&quot;def&quot;:&quot;left&quot;,&quot;xl&quot;:&quot;left&quot;}}\"><div class=\"bt_bb_column_content\"><div class=\"bt_bb_column_content_inner\"><header class=\"bt_bb_headline bt_bb_dash_none bt_bb_size_inherit bt_bb_align_inherit\" data-bt-override-class=\"null\"><h4><span class=\"bt_bb_headline_content\"><span>Au c\u0153ur de notre activit\u00e9 se trouve une \u00e9quipe d'experts exceptionnels, qui sont le fondement du Segment Cosm\u00e9tique de GBA POLSKA. Ce sont des professionnels exp\u00e9riment\u00e9s, mais aussi des passionn\u00e9s, qui poss\u00e8dent une connaissance approfondie des r\u00e9glementations, de la qualit\u00e9, de la s\u00e9curit\u00e9, des derni\u00e8res tendances, de l\u2019innovation et des technologies dans le domaine de la cosm\u00e9tologie.<\/span><\/span><\/h4><\/header><\/div><\/div><\/div><\/div><\/div><\/div><!-- cell_inner --><\/div><!-- cell --><\/div><!-- port --><\/section><section id=\"bt_bb_section69f51ec2af7c6\" class=\"bt_bb_section bt_bb_color_scheme_2 bt_bb_layout_boxed_1200 bt_bb_vertical_align_top bt_bb_bottom_spacing_large\" style=\"z-index: 1;; --section-primary-color:#000000; --section-secondary-color:#ffffff;\" data-bt-override-class=\"null\"><div class=\"bt_bb_port\"><div class=\"bt_bb_cell\"><div class=\"bt_bb_cell_inner\"><div class=\"bt_bb_row \"  data-bt-override-class=\"{}\"><div class=\"bt_bb_row_holder\" ><div  class=\"bt_bb_column col-xxl-12 col-xl-12 col-xs-12 col-sm-12 col-md-12 col-lg-12 bt_bb_vertical_align_top bt_bb_align_left bt_bb_padding_normal bt_bb_animation_fade_in zoom_out animate\" style=\"; --column-width:12;\" data-width=\"12\" data-bt-override-class=\"{}\"><div class=\"bt_bb_column_content\"><div class=\"bt_bb_column_content_inner\"><div class=\"bt_bb_tabs bt_bb_color_scheme_15 bt_bb_style_filled bt_bb_shape_square\" style=\"; --tabs-primary-color:#004787; --tabs-secondary-color:#fff;\" data-bt-override-class=\"{}\"><ul class=\"bt_bb_tabs_header\"><li><span>Recherches microbiologiques<\/span><\/li><li><span>Recherches physico-chimiques<\/span><\/li><li><span>Recherches In Vivo<\/span><\/li><li><span>Tests solaires<\/span><\/li><li><span>\u00c9valuation de la s\u00e9curit\u00e9 et conseils<\/span><\/li><\/ul><div class=\"bt_bb_tabs_tabs\"><div class=\"bt_bb_tab_item has_bt_bb_image\">\r\n\t\t\t<div class=\"bt_bb_tab_content\"><div class=\" bt_bb_row_inner\"   data-bt-override-class=\"{}\"><div class=\"bt_bb_row_inner_holder\"  ><div  class=\"bt_bb_column_inner col-xxl-12 col-xl-12 col-xs-12 col-sm-12 col-md-12 col-lg-12 bt_bb_vertical_align_top bt_bb_align_left bt_bb_padding_normal\"  data-width=\"12\" data-bt-override-class=\"{}\"><div class=\"bt_bb_column_inner_content\"><div class=\"bt_bb_column_inner_content_inner\"><div class=\"bt_bb_separator bt_bb_border_style_none bt_bb_bottom_spacing_30\" data-bt-override-class=\"null\"><\/div><div class=\"bt_bb_image bt_bb_shape_square bt_bb_align_inherit bt_bb_hover_style_simple bt_bb_content_display_always bt_bb_content_align_middle bt_bb_remove_padding_yes bt_bb_fill_background_color_full\" data-bt-override-class=\"null\"><span><\/span><\/div><div class=\"bt_bb_separator bt_bb_border_style_none bt_bb_bottom_spacing_30\" data-bt-override-class=\"null\"><\/div><div  class=\"bt_bb_text\" ><\/p>\n<p><strong>Anna SKOTNICKA<br \/>\n<\/strong><\/p>\n<p>Directrice des Laboratoires Microbiologiques<\/p>\n<p>\n<\/div><div class=\"bt_bb_separator bt_bb_border_style_none bt_bb_bottom_spacing_10\" data-bt-override-class=\"null\"><\/div><div class=\"bt_bb_accordion bt_bb_color_scheme_5 bt_bb_style_simple bt_bb_shape_square\" style=\"; --accordion-primary-color:#000000; --accordion-secondary-color:#004787;\"><div class=\"bt_bb_accordion_item\"><div class=\"bt_bb_accordion_item_title\">Description<\/div><div class=\"bt_bb_accordion_item_content\"><div  class=\"bt_bb_text\" ><\/p>\n<p>Microbiologiste de formation, dipl\u00f4m\u00e9e de l\u2019Universit\u00e9 de Varsovie.<\/p>\n<p>Manager avec 20 ans d\u2019exp\u00e9rience dans la conduite de recherches sur des produits alimentaires, cosm\u00e9tiques, pharmaceutiques et sur l\u2019environnement de production.<\/p>\n<p>Experte en d\u00e9veloppement et mise en \u0153uvre de m\u00e9thodes de recherche modernes et de solutions dans le domaine de la microbiologie.<\/p>\n<p>Engag\u00e9e dans des activit\u00e9s sociales et scientifiques en tant que membre de la Soci\u00e9t\u00e9 Polonaise de Microbiologie et du Comit\u00e9 Polonais de Normalisation.<\/p>\n<p>Poss\u00e8de de nombreuses qualifications en tant qu&rsquo;auditrice des syst\u00e8mes de gestion interne conformes aux normes ISO\/IEC 17025, ISO\/IEC 17043, ISO 9001, ISO 14001, PN-N 18001, ISO 22716 et ISO 22000\/HACCP.<\/p>\n<p>Conf\u00e9renci\u00e8re et organisatrice de formations professionnelles. Professeur universitaire depuis de nombreuses ann\u00e9es \u00e0 l&rsquo;Universit\u00e9 de Varsovie et \u00e0 l\u2019Universit\u00e9 des Sciences Agronomiques dans le cadre de formations postuniversitaires.<\/p>\n<p>\n<\/div><\/div><\/div><\/div><\/div><\/div><\/div><\/div><\/div><\/div>\r\n\t\t<\/div><div class=\"bt_bb_tab_item has_bt_bb_image\">\r\n\t\t\t<div class=\"bt_bb_tab_content\"><div class=\" bt_bb_row_inner\"   data-bt-override-class=\"{}\"><div class=\"bt_bb_row_inner_holder\"  ><div  class=\"bt_bb_column_inner col-xxl-12 col-xl-12 col-xs-12 col-sm-12 col-md-12 col-lg-12 bt_bb_vertical_align_top bt_bb_align_left bt_bb_padding_normal\"  data-width=\"12\" data-bt-override-class=\"{}\"><div class=\"bt_bb_column_inner_content\"><div class=\"bt_bb_column_inner_content_inner\"><div class=\"bt_bb_separator bt_bb_border_style_none bt_bb_bottom_spacing_30\" data-bt-override-class=\"null\"><\/div><div class=\"bt_bb_image bt_bb_shape_square bt_bb_align_inherit bt_bb_hover_style_simple bt_bb_content_display_always bt_bb_content_align_middle bt_bb_remove_padding_yes bt_bb_fill_background_color_full\" data-bt-override-class=\"null\"><span><img src = \"https:\/\/www.gba-polska.pl\/wp-content\/plugins\/bold-page-builder\/img\/blank.gif\" data-full_image_src=\"https:\/\/www.gba-polska.pl\/wp-content\/uploads\/2024\/03\/GBA-POLSKA-MAGDALENA-GARBILINSKA.jpg\" data-image_src=\"https:\/\/www.gba-polska.pl\/wp-content\/uploads\/2024\/03\/GBA-POLSKA-MAGDALENA-GARBILINSKA.jpg\" title=\"GBA-POLSKA-MAGDALENA-GARBILI\u0143SKA\" alt=\"https:\/\/www.gba-polska.pl\/wp-content\/uploads\/2024\/03\/GBA-POLSKA-MAGDALENA-GARBILINSKA.jpg\" class=\"btLazyLoadImage\"><\/span><\/div><div class=\"bt_bb_separator bt_bb_border_style_none bt_bb_bottom_spacing_30\" data-bt-override-class=\"null\"><\/div><div  class=\"bt_bb_text\" ><\/p>\n<p><strong>Dr Ing. Magdalena GARBOLI\u0143SKA<\/strong><\/p>\n<p>Directrice du Laboratoire Cosm\u00e9tique<\/p>\n<p><a style=\"color: #0072b1;\" href=\"https:\/\/www.linkedin.com\/in\/mgarbolinska\/\"><strong>LinkedIn<\/strong><\/a><\/p>\n<p>\n<\/div><div class=\"bt_bb_separator bt_bb_border_style_none bt_bb_bottom_spacing_10\" data-bt-override-class=\"null\"><\/div><div class=\"bt_bb_accordion bt_bb_color_scheme_5 bt_bb_style_simple bt_bb_shape_square\" style=\"; --accordion-primary-color:#000000; --accordion-secondary-color:#004787;\"><div class=\"bt_bb_accordion_item\"><div class=\"bt_bb_accordion_item_title\">Description<\/div><div class=\"bt_bb_accordion_item_content\"><div  class=\"bt_bb_text\" ><\/p>\n<p>Microbiologiste avec plus de 20 ans d\u2019exp\u00e9rience dans le domaine de l\u2019assurance qualit\u00e9, notamment la surveillance microbiologique dans l\u2019industrie cosm\u00e9tique.<\/p>\n<p>Experte en l\u00e9gislation, exigences normatives, auditrice des syst\u00e8mes et standards de qualit\u00e9 ainsi que des m\u00e9thodologies de recherche dans la production de produits cosm\u00e9tiques. Autrice de nombreuses expertises et articles sp\u00e9cialis\u00e9s ainsi que conf\u00e9renci\u00e8re active et formatrice sur les l\u00e9gislations, syst\u00e8mes de qualit\u00e9, GMP\/GHP et microbiologie industrielle. Professeur universitaire depuis de nombreuses ann\u00e9es \u00e0 l\u2019Universit\u00e9 de Varsovie, \u00e0 l\u2019\u00c9cole Sup\u00e9rieure d\u2019Ing\u00e9nierie et de Sant\u00e9, et \u00e0 l\u2019Universit\u00e9 des Sciences Agronomiques. Participe activement aux groupes de travail au sein de l\u2019Association Polonaise de l&rsquo;Industrie Cosm\u00e9tique et de l\u2019Association Polonaise de l&rsquo;Industrie Cosm\u00e9tique et D\u00e9tergente, ainsi qu&rsquo;aux comit\u00e9s techniques du Comit\u00e9 Polonais de Normalisation. Actuellement, elle est Directrice du Laboratoire Cosm\u00e9tique.<\/p>\n<p>\n<\/div><\/div><\/div><\/div><\/div><\/div><\/div><\/div><\/div><\/div>\r\n\t\t<\/div><div class=\"bt_bb_tab_item has_bt_bb_image\">\r\n\t\t\t<div class=\"bt_bb_tab_content\"><div class=\" bt_bb_row_inner\"   data-bt-override-class=\"{}\"><div class=\"bt_bb_row_inner_holder\"  ><div  class=\"bt_bb_column_inner col-xxl-12 col-xl-12 col-xs-12 col-sm-12 col-md-12 col-lg-12 bt_bb_vertical_align_top bt_bb_align_left bt_bb_padding_normal\"  data-width=\"12\" data-bt-override-class=\"{}\"><div class=\"bt_bb_column_inner_content\"><div class=\"bt_bb_column_inner_content_inner\"><div class=\"bt_bb_separator bt_bb_border_style_none bt_bb_bottom_spacing_30\" data-bt-override-class=\"null\"><\/div><div class=\"bt_bb_image bt_bb_shape_square bt_bb_align_inherit bt_bb_hover_style_simple bt_bb_content_display_always bt_bb_content_align_middle bt_bb_remove_padding_yes bt_bb_fill_background_color_full\" data-bt-override-class=\"null\"><span><img src = \"https:\/\/www.gba-polska.pl\/wp-content\/plugins\/bold-page-builder\/img\/blank.gif\" data-full_image_src=\"https:\/\/www.gba-polska.pl\/wp-content\/uploads\/2024\/03\/GBA-POLSKA-KATARZYNA-CIESZCZYK.jpg\" data-image_src=\"https:\/\/www.gba-polska.pl\/wp-content\/uploads\/2024\/03\/GBA-POLSKA-KATARZYNA-CIESZCZYK.jpg\" title=\"GBA-POLSKA-KATARZYNA-CIESZCZYK\" alt=\"https:\/\/www.gba-polska.pl\/wp-content\/uploads\/2024\/03\/GBA-POLSKA-KATARZYNA-CIESZCZYK.jpg\" class=\"btLazyLoadImage\"><\/span><\/div><div class=\"bt_bb_separator bt_bb_border_style_none bt_bb_bottom_spacing_30\" data-bt-override-class=\"null\"><\/div><div  class=\"bt_bb_text\" ><\/p>\n<p><strong>Katarzyna CI\u0118SZCZYK<br \/>\n<\/strong><\/p>\n<p>Sp\u00e9cialiste en Recherches In Vivo<\/p>\n<p><a style=\"color: #0072b1;\" href=\"https:\/\/www.linkedin.com\/in\/katarzyna-ci%C4%99szczyk-a22585143\/\"><strong>LinkedIn<\/strong><\/a><\/p>\n<p>\n<\/div><div class=\"bt_bb_separator bt_bb_border_style_none bt_bb_bottom_spacing_10\" data-bt-override-class=\"null\"><\/div><div class=\"bt_bb_accordion bt_bb_color_scheme_5 bt_bb_style_simple bt_bb_shape_square\" style=\"; --accordion-primary-color:#000000; --accordion-secondary-color:#004787;\"><div class=\"bt_bb_accordion_item\"><div class=\"bt_bb_accordion_item_title\">Description<\/div><div class=\"bt_bb_accordion_item_content\"><div  class=\"bt_bb_text\" ><\/p>\n<p>Dipl\u00f4m\u00e9e en biologie avec une sp\u00e9cialisation en diagnostic de laboratoire et en cosm\u00e9tologie m\u00e9dicale. Elle a \u00e9galement obtenu un dipl\u00f4me postuniversitaire en biostatistique \u2013 aspects pratiques des statistiques dans la recherche m\u00e9dicale \u00e0 l\u2019Universit\u00e9 Jagellonne de Cracovie. Elle a \u00e9largi ses connaissances et sa passion dans les domaines de la statistique et des cosm\u00e9tiques gr\u00e2ce \u00e0 de nombreuses formations et cours. Co-auteur d&rsquo;un article dans le magazine sp\u00e9cialis\u00e9 \u00ab \u015awiat Przemys\u0142u Kosmetycznego \u00bb.<\/p>\n<p>Depuis plus de 10 ans, elle est impliqu\u00e9e dans l\u2019industrie de la recherche sur les cosm\u00e9tiques et la chimie domestique. Elle a commenc\u00e9 sa carri\u00e8re dans un laboratoire de recherche en tant qu&rsquo;assistante dans le d\u00e9partement de cosm\u00e9tologie, progressant successivement au poste de Sp\u00e9cialiste en Recherche sur les Cosm\u00e9tiques, Assistante Senior du Chef de Projet, pour finalement occuper le poste de Chef de Projet.<\/p>\n<p>Ses responsabilit\u00e9s incluaient l\u2019analyse et l\u2019interpr\u00e9tation des r\u00e9sultats, l\u2019analyse statistique des donn\u00e9es, la pr\u00e9paration de rapports sur les recherches appliqu\u00e9es et instrumentales, la cr\u00e9ation de documents du syst\u00e8me de gestion (proc\u00e9dures de recherche, instructions techniques, etc.), l\u2019introduction de nouveaux \u00e9quipements et m\u00e9thodes de recherche ainsi que la validation et l&rsquo;autorisation des rapports. En tant que Chef de Projet, elle a supervis\u00e9 et g\u00e9r\u00e9 chaque \u00e9tape du projet, soutenant l\u2019\u00e9quipe analytique et collaborant avec les clients et le service client.<\/p>\n<p>\n<\/div><\/div><\/div><\/div><\/div><\/div><\/div><\/div><\/div><div class=\" bt_bb_row_inner\"   data-bt-override-class=\"{}\"><div class=\"bt_bb_row_inner_holder\"  ><div  class=\"bt_bb_column_inner col-xxl-12 col-xl-12 col-xs-12 col-sm-12 col-md-12 col-lg-12 bt_bb_vertical_align_top bt_bb_align_left bt_bb_padding_normal\"  data-width=\"12\" data-bt-override-class=\"{}\"><div class=\"bt_bb_column_inner_content\"><div class=\"bt_bb_column_inner_content_inner\"><div class=\"bt_bb_separator bt_bb_border_style_none bt_bb_bottom_spacing_30\" data-bt-override-class=\"null\"><\/div><div class=\"bt_bb_image bt_bb_shape_square bt_bb_align_inherit bt_bb_hover_style_simple bt_bb_content_display_always bt_bb_content_align_middle bt_bb_remove_padding_yes bt_bb_fill_background_color_full\" data-bt-override-class=\"null\"><span><img src = \"https:\/\/www.gba-polska.pl\/wp-content\/plugins\/bold-page-builder\/img\/blank.gif\" data-full_image_src=\"https:\/\/www.gba-polska.pl\/wp-content\/uploads\/2024\/03\/GBA-POLSKA-AGNIESZKA-CHOJNACKA.jpg\" data-image_src=\"https:\/\/www.gba-polska.pl\/wp-content\/uploads\/2024\/03\/GBA-POLSKA-AGNIESZKA-CHOJNACKA.jpg\" title=\"GBA-POLSKA-AGNIESZKA-CHOJNACKA\" alt=\"https:\/\/www.gba-polska.pl\/wp-content\/uploads\/2024\/03\/GBA-POLSKA-AGNIESZKA-CHOJNACKA.jpg\" class=\"btLazyLoadImage\"><\/span><\/div><div class=\"bt_bb_separator bt_bb_border_style_none bt_bb_bottom_spacing_30\" data-bt-override-class=\"null\"><\/div><div  class=\"bt_bb_text\" ><\/p>\n<p><strong>Dr Agnieszka CHOJNACKA<\/strong><\/p>\n<p>Chef du D\u00e9partement des Recherches In Vivo<\/p>\n<p><a style=\"color: #0072b1;\" href=\"https:\/\/www.linkedin.com\/in\/agnieszka-chojnacka-600a68226\/\"><strong>LinkedIn<\/strong><\/a><\/p>\n<p>\n<\/div><div class=\"bt_bb_separator bt_bb_border_style_none bt_bb_bottom_spacing_10\" data-bt-override-class=\"null\"><\/div><div class=\"bt_bb_accordion bt_bb_color_scheme_5 bt_bb_style_simple bt_bb_shape_square\" style=\"; --accordion-primary-color:#000000; --accordion-secondary-color:#004787;\"><div class=\"bt_bb_accordion_item\"><div class=\"bt_bb_accordion_item_title\">Description<\/div><div class=\"bt_bb_accordion_item_content\"><div  class=\"bt_bb_text\" ><\/p>\n<p>Chimiste, dipl\u00f4m\u00e9e de l&rsquo;Acad\u00e9mie de Podlasie et de l\u2019Universit\u00e9 de Varsovie.<\/p>\n<p>Experte en recherches in vivo avec une vaste exp\u00e9rience dans les \u00e9tudes dermatologiques, appliqu\u00e9es, sensorielles et instrumentales. Actuellement, elle occupe le poste de Chef du Centre de Recherche sur les Cosm\u00e9tiques \u00e0 Varsovie, contribuant \u00e0 l\u2019\u00e9largissement et au d\u00e9veloppement des \u00e9tudes li\u00e9es aux produits cosm\u00e9tiques.<\/p>\n<p>Professeur universitaire depuis de nombreuses ann\u00e9es \u00e0 l\u2019Universit\u00e9 des Sciences Agronomiques, pr\u00e9c\u00e9demment \u00e0 l\u2019Universit\u00e9 M\u00e9dicale de Varsovie, enseignant des mati\u00e8res scientifiques ainsi que l\u2019\u00e9valuation de l&rsquo;efficacit\u00e9 des cosm\u00e9tiques.<\/p>\n<p>Promotrice et r\u00e9viseuse des travaux de fin d\u2019\u00e9tudes en chimie cosm\u00e9tique.<\/p>\n<p>Participe activement aux groupes de travail au sein de l\u2019Association Polonaise de l&rsquo;Industrie Cosm\u00e9tique et de l\u2019Association Polonaise de l&rsquo;Industrie Cosm\u00e9tique et D\u00e9tergente.<\/p>\n<p>Auteure d&rsquo;articles dans des revues scientifiques et sp\u00e9cialis\u00e9es. Conf\u00e9renci\u00e8re sur les recherches in vivo.<\/p>\n<p>\n<\/div><\/div><\/div><\/div><\/div><\/div><\/div><\/div><\/div><div class=\" bt_bb_row_inner\"   data-bt-override-class=\"{}\"><div class=\"bt_bb_row_inner_holder\"  ><div  class=\"bt_bb_column_inner col-xxl-12 col-xl-12 col-xs-12 col-sm-12 col-md-12 col-lg-12 bt_bb_vertical_align_top bt_bb_align_left bt_bb_padding_normal\"  data-width=\"12\" data-bt-override-class=\"{}\"><div class=\"bt_bb_column_inner_content\"><div class=\"bt_bb_column_inner_content_inner\"><div class=\"bt_bb_separator bt_bb_border_style_none bt_bb_bottom_spacing_30\" data-bt-override-class=\"null\"><\/div><div class=\"bt_bb_image bt_bb_shape_square bt_bb_align_inherit bt_bb_hover_style_simple bt_bb_content_display_always bt_bb_content_align_middle bt_bb_remove_padding_yes bt_bb_fill_background_color_full\" data-bt-override-class=\"null\"><span><img src = \"https:\/\/www.gba-polska.pl\/wp-content\/plugins\/bold-page-builder\/img\/blank.gif\" data-full_image_src=\"https:\/\/www.gba-polska.pl\/wp-content\/uploads\/2024\/03\/GBA-POLSKA-ANNA-FLIS.jpg\" data-image_src=\"https:\/\/www.gba-polska.pl\/wp-content\/uploads\/2024\/03\/GBA-POLSKA-ANNA-FLIS.jpg\" title=\"GBA-POLSKA-ANNA-FLIS\" alt=\"https:\/\/www.gba-polska.pl\/wp-content\/uploads\/2024\/03\/GBA-POLSKA-ANNA-FLIS.jpg\" class=\"btLazyLoadImage\"><\/span><\/div><div class=\"bt_bb_separator bt_bb_border_style_none bt_bb_bottom_spacing_30\" data-bt-override-class=\"null\"><\/div><div  class=\"bt_bb_text\" ><\/p>\n<p><strong>Anna FLIS<\/strong><\/p>\n<p>Chef des Recherches Instrumentales, Appliqu\u00e9es et Dermatologiques des Cosm\u00e9tiques \/ Chef op\u00e9rationnel du Secteur Cosm\u00e9tique<\/p>\n<p><a style=\"color: #0072b1;\" href=\"https:\/\/www.linkedin.com\/in\/anna-flis-3a9ab41a5\/\"><strong>LinkedIn<\/strong><\/a><\/p>\n<p>\n<\/div><div class=\"bt_bb_separator bt_bb_border_style_none bt_bb_bottom_spacing_10\" data-bt-override-class=\"null\"><\/div><div class=\"bt_bb_accordion bt_bb_color_scheme_5 bt_bb_style_simple bt_bb_shape_square\" style=\"; --accordion-primary-color:#000000; --accordion-secondary-color:#004787;\"><div class=\"bt_bb_accordion_item\"><div class=\"bt_bb_accordion_item_title\">Description<\/div><div class=\"bt_bb_accordion_item_content\"><div  class=\"bt_bb_text\" ><\/p>\n<p>Dipl\u00f4m\u00e9e en cosm\u00e9tologie, chimie sp\u00e9cialis\u00e9e en chimie cosm\u00e9tique et trichologie cosm\u00e9tique. Avec 11 ans d\u2019exp\u00e9rience dans l\u2019industrie cosm\u00e9tique, Anna a rapidement acquis une vaste expertise dans le domaine.<\/p>\n<p>Elle a d\u00e9but\u00e9 sa carri\u00e8re dans le d\u00e9partement de Recherche et D\u00e9veloppement d\u2019une entreprise renomm\u00e9e de produits cosm\u00e9tiques o\u00f9 elle a d\u00e9velopp\u00e9 de nouvelles formules avec un grand enthousiasme. Ces produits innovants ont \u00e9t\u00e9 reconnus sur les march\u00e9s polonais et internationaux.<\/p>\n<p>En 2014, Anna a rejoint un laboratoire de recherche, o\u00f9 elle a collabor\u00e9 au d\u00e9veloppement des services de recherche sur les cosm\u00e9tiques pendant plus de 9 ans. Elle a occup\u00e9 divers postes, acqu\u00e9rant \u00e0 la fois des connaissances pratiques et th\u00e9oriques dans ce domaine.<\/p>\n<p>En 2021, elle a pris le poste de Chef de Projet, collaborant avec des clients exigeants \u00e0 l&rsquo;international.<\/p>\n<p>Elle a \u00e9galement jou\u00e9 un r\u00f4le de leader dans l\u2019analyse et l\u2019interpr\u00e9tation des r\u00e9sultats des recherches appliqu\u00e9es et instrumentales sur la peau. Son immense savoir-faire et ses comp\u00e9tences en gestion d\u2019\u00e9quipe sont inestimables.<\/p>\n<p>\n<\/div><\/div><\/div><\/div><\/div><\/div><\/div><\/div><\/div><div class=\" bt_bb_row_inner\"   data-bt-override-class=\"{}\"><div class=\"bt_bb_row_inner_holder\"  ><div  class=\"bt_bb_column_inner col-xxl-12 col-xl-12 col-xs-12 col-sm-12 col-md-12 col-lg-12 bt_bb_vertical_align_top bt_bb_align_left bt_bb_padding_normal\"  data-width=\"12\" data-bt-override-class=\"{}\"><div class=\"bt_bb_column_inner_content\"><div class=\"bt_bb_column_inner_content_inner\"><div class=\"bt_bb_separator bt_bb_border_style_none bt_bb_bottom_spacing_30\" data-bt-override-class=\"null\"><\/div><div class=\"bt_bb_image bt_bb_shape_square bt_bb_align_inherit bt_bb_hover_style_simple bt_bb_content_display_always bt_bb_content_align_middle bt_bb_remove_padding_yes bt_bb_fill_background_color_full\" data-bt-override-class=\"null\"><span><img src = \"https:\/\/www.gba-polska.pl\/wp-content\/plugins\/bold-page-builder\/img\/blank.gif\" data-full_image_src=\"https:\/\/www.gba-polska.pl\/wp-content\/uploads\/2024\/03\/1698751146152.jpg\" data-image_src=\"https:\/\/www.gba-polska.pl\/wp-content\/uploads\/2024\/03\/1698751146152.jpg\" title=\"1698751146152\" alt=\"https:\/\/www.gba-polska.pl\/wp-content\/uploads\/2024\/03\/1698751146152.jpg\" class=\"btLazyLoadImage\"><\/span><\/div><div class=\"bt_bb_separator bt_bb_border_style_none bt_bb_bottom_spacing_30\" data-bt-override-class=\"null\"><\/div><div  class=\"bt_bb_text\" ><\/p>\n<p><strong>\u0141ukasz WYCZY\u0143SKI<br \/>\n<\/strong><\/p>\n<p>Chef de Projet &amp; Directeur adjoint du D\u00e9partement des Centres de Recherche Cosm\u00e9tiques<\/p>\n<p><a style=\"color: #0072b1;\" href=\"https:\/\/www.linkedin.com\/in\/%C5%82ukaszwyczy%C5%84ski\/\"><strong>LinkedIn<\/strong><\/a><\/p>\n<p>\n<\/div><div class=\"bt_bb_separator bt_bb_border_style_none bt_bb_bottom_spacing_10\" data-bt-override-class=\"null\"><\/div><div class=\"bt_bb_accordion bt_bb_color_scheme_5 bt_bb_style_simple bt_bb_shape_square\" style=\"; --accordion-primary-color:#000000; --accordion-secondary-color:#004787;\"><div class=\"bt_bb_accordion_item\"><div class=\"bt_bb_accordion_item_title\">Description<\/div><div class=\"bt_bb_accordion_item_content\"><div  class=\"bt_bb_text\" ><\/p>\n<p>\u0141ukasz travaille dans l&rsquo;industrie depuis pr\u00e8s de 9 ans, et sa carri\u00e8re a d\u00e9but\u00e9 pendant ses \u00e9tudes de licence. Au d\u00e9but, il a travaill\u00e9 comme technicien en recherche clinique dans un laboratoire de recherche r\u00e9put\u00e9.<\/p>\n<p>Dans ce r\u00f4le, \u0141ukasz s&rsquo;occupait d&rsquo;un large \u00e9ventail de t\u00e2ches, y compris la pr\u00e9paration de la documentation conform\u00e9ment au syst\u00e8me GCP, l&rsquo;analyse des r\u00e9sultats et la r\u00e9alisation de tests \u00e0 l&rsquo;aide d&rsquo;\u00e9quipements de mesure avanc\u00e9s. Il assistait fr\u00e9quemment des m\u00e9decins sp\u00e9cialistes dans les domaines de la dermatologie, de l&rsquo;ophtalmologie, de la p\u00e9diatrie et de l&rsquo;oto-rhino-laryngologie.<\/p>\n<p>Un autre tournant majeur de sa carri\u00e8re a \u00e9t\u00e9 son poste de Chef de Projet qu&rsquo;il a occup\u00e9 en novembre 2020. Ses responsabilit\u00e9s comprenaient la supervision et la mise en \u0153uvre des \u00e9tudes selon le syst\u00e8me GCP, le soutien technique du personnel analytique, la collaboration avec le client et le service client concernant le protocole de l&rsquo;\u00e9tude.<\/p>\n<p>En novembre 2021, \u0141ukasz a \u00e9galement \u00e9t\u00e9 promu au poste de Chef d&rsquo;\u00e9quipe, ce qui t\u00e9moigne de ses excellentes capacit\u00e9s de gestion et de sa capacit\u00e9 \u00e0 inspirer les autres.<\/p>\n<p>\u0141ukasz poss\u00e8de une vaste exp\u00e9rience dans la recherche sur les cosm\u00e9tiques, les suppl\u00e9ments alimentaires et les dispositifs m\u00e9dicaux. Son engagement dans le domaine de la recherche clinique a \u00e9t\u00e9 couronn\u00e9 par l&rsquo;obtention d&rsquo;un dipl\u00f4me de troisi\u00e8me cycle en m\u00e9thodologie, organisation et gestion \u00e0 la Facult\u00e9 de M\u00e9decine de l&rsquo;Universit\u00e9 Jagellonne de Cracovie.<\/p>\n<p>En dehors du travail, \u0141ukasz est passionn\u00e9 par le basket-ball.<\/p>\n<p>\n<\/div><\/div><\/div><\/div><\/div><\/div><\/div><\/div><\/div><\/div>\r\n\t\t<\/div><div class=\"bt_bb_tab_item has_bt_bb_image\">\r\n\t\t\t<div class=\"bt_bb_tab_content\"><div class=\" bt_bb_row_inner\"   data-bt-override-class=\"{}\"><div class=\"bt_bb_row_inner_holder\"  ><div  class=\"bt_bb_column_inner col-xxl-12 col-xl-12 col-xs-12 col-sm-12 col-md-12 col-lg-12 bt_bb_vertical_align_top bt_bb_align_left bt_bb_padding_normal\"  data-width=\"12\" data-bt-override-class=\"{}\"><div class=\"bt_bb_column_inner_content\"><div class=\"bt_bb_column_inner_content_inner\"><div class=\"bt_bb_separator bt_bb_border_style_none bt_bb_bottom_spacing_30\" data-bt-override-class=\"null\"><\/div><div class=\"bt_bb_image bt_bb_shape_square bt_bb_align_inherit bt_bb_hover_style_simple bt_bb_content_display_always bt_bb_content_align_middle bt_bb_remove_padding_yes bt_bb_fill_background_color_full\" data-bt-override-class=\"null\"><span><img src = \"https:\/\/www.gba-polska.pl\/wp-content\/plugins\/bold-page-builder\/img\/blank.gif\" data-full_image_src=\"https:\/\/www.gba-polska.pl\/wp-content\/uploads\/2024\/03\/GBA-POLSKA-KAROLINA-DZIABOWSKA.jpg\" data-image_src=\"https:\/\/www.gba-polska.pl\/wp-content\/uploads\/2024\/03\/GBA-POLSKA-KAROLINA-DZIABOWSKA.jpg\" title=\"GBA-POLSKA-KAROLINA-DZIABOWSKA\" alt=\"https:\/\/www.gba-polska.pl\/wp-content\/uploads\/2024\/03\/GBA-POLSKA-KAROLINA-DZIABOWSKA.jpg\" class=\"btLazyLoadImage\"><\/span><\/div><div class=\"bt_bb_separator bt_bb_border_style_none bt_bb_bottom_spacing_30\" data-bt-override-class=\"null\"><\/div><div  class=\"bt_bb_text\" ><\/p>\n<p><strong>Karolina DZI\u0104BOWSKA<\/strong><\/p>\n<p>Directrice du Laboratoire de Recherche Solaire<\/p>\n<p><a style=\"color: #0072b1;\" href=\"http:\/\/linkedin.com\/in\/karolina-dziabowska-901701169\/\"><strong>LinkedIn<\/strong><\/a><\/p>\n<p>\n<\/div><div class=\"bt_bb_separator bt_bb_border_style_none bt_bb_bottom_spacing_10\" data-bt-override-class=\"null\"><\/div><div class=\"bt_bb_accordion bt_bb_color_scheme_5 bt_bb_style_simple bt_bb_shape_square\" style=\"; --accordion-primary-color:#000000; --accordion-secondary-color:#004787;\"><div class=\"bt_bb_accordion_item\"><div class=\"bt_bb_accordion_item_title\">Description<\/div><div class=\"bt_bb_accordion_item_content\"><div  class=\"bt_bb_text\" ><\/p>\n<p>Master en Chimie de l\u2019Universit\u00e9 de Gdansk. Depuis plus de 7 ans, elle est impliqu\u00e9e dans les m\u00e9thodes analytiques, th\u00e9oriques et appliqu\u00e9es, principalement en spectroscopie, \u00e9lectrochimie et, depuis 3 ans, en m\u00e9thodes m\u00e9dico-biologiques. Experte dans les m\u00e9thodes de recherche pour les produits de protection solaire.<\/p>\n<p>Cr\u00e9atrice de publications scientifiques, de demandes de brevets et d\u2019articles de vulgarisation.<\/p>\n<p>Elle a acquis son exp\u00e9rience en travaillant sur des projets \u00e0 l\u2019Universit\u00e9 de Gdansk, dans des d\u00e9partements R&amp;D de start-ups polonaises et dans un laboratoire de recherches cliniques.<\/p>\n<p>Actuellement membre des comit\u00e9s de normalisation \u2013 Comit\u00e9 Technique 217 PKN et Groupe de Travail 7 ISO.<\/p>\n<p>Chez GBA POLSKA, elle est responsable de la cr\u00e9ation d\u2019un nouveau laboratoire solaire et de la mise en place de syst\u00e8mes de qualit\u00e9.<\/p>\n<p>\n<\/div><\/div><\/div><\/div><\/div><\/div><\/div><\/div><\/div><\/div>\r\n\t\t<\/div><div class=\"bt_bb_tab_item has_bt_bb_image\">\r\n\t\t\t<div class=\"bt_bb_tab_content\"><div class=\" bt_bb_row_inner\"   data-bt-override-class=\"{}\"><div class=\"bt_bb_row_inner_holder\"  ><div  class=\"bt_bb_column_inner col-xxl-12 col-xl-12 col-xs-12 col-sm-12 col-md-12 col-lg-12 bt_bb_vertical_align_top bt_bb_align_left bt_bb_padding_normal\"  data-width=\"12\" data-bt-override-class=\"{}\"><div class=\"bt_bb_column_inner_content\"><div class=\"bt_bb_column_inner_content_inner\"><div class=\"bt_bb_separator bt_bb_border_style_none bt_bb_bottom_spacing_30\" data-bt-override-class=\"null\"><\/div><div class=\"bt_bb_image bt_bb_shape_square bt_bb_align_inherit bt_bb_hover_style_simple bt_bb_content_display_always bt_bb_content_align_middle bt_bb_remove_padding_yes bt_bb_fill_background_color_full\" data-bt-override-class=\"null\"><span><img src = \"https:\/\/www.gba-polska.pl\/wp-content\/plugins\/bold-page-builder\/img\/blank.gif\" data-full_image_src=\"https:\/\/www.gba-polska.pl\/wp-content\/uploads\/2024\/03\/GBA-POLSKA-GRZEGORZ-KRASINSKI.jpg\" data-image_src=\"https:\/\/www.gba-polska.pl\/wp-content\/uploads\/2024\/03\/GBA-POLSKA-GRZEGORZ-KRASINSKI.jpg\" title=\"GBA-POLSKA-GRZEGORZ-KRASINSKI\" alt=\"https:\/\/www.gba-polska.pl\/wp-content\/uploads\/2024\/03\/GBA-POLSKA-GRZEGORZ-KRASINSKI.jpg\" class=\"btLazyLoadImage\"><\/span><\/div><div class=\"bt_bb_separator bt_bb_border_style_none bt_bb_bottom_spacing_30\" data-bt-override-class=\"null\"><\/div><div  class=\"bt_bb_text\" ><\/p>\n<p><strong>Grzegorz KRASI\u0143SKI<\/strong><\/p>\n<p>\u00c9valuateur de la s\u00e9curit\u00e9<\/p>\n<p><a style=\"color: #0072b1;\" href=\"https:\/\/www.linkedin.com\/in\/grzegorz-krasi%C5%84ski-469a0665\/\"><strong>LinkedIn<\/strong><\/a><\/p>\n<p>\n<\/div><div class=\"bt_bb_separator bt_bb_border_style_none bt_bb_bottom_spacing_10\" data-bt-override-class=\"null\"><\/div><div class=\"bt_bb_accordion bt_bb_color_scheme_5 bt_bb_style_simple bt_bb_shape_square\" style=\"; --accordion-primary-color:#000000; --accordion-secondary-color:#004787;\"><div class=\"bt_bb_accordion_item\"><div class=\"bt_bb_accordion_item_title\">Description<\/div><div class=\"bt_bb_accordion_item_content\"><div  class=\"bt_bb_text\" ><\/p>\n<p>\u00c9valuateur de la s\u00e9curit\u00e9 avec une vaste exp\u00e9rience dans les entreprises de production et les centres de recherche. Impliqu\u00e9 dans la r\u00e9solution des probl\u00e8mes des clients concernant la l\u00e9gislation cosm\u00e9tique (y compris europ\u00e9enne), la s\u00e9curit\u00e9 des cosm\u00e9tiques, la toxicologie des ingr\u00e9dients, les probl\u00e8mes technologiques, de formulation et d&rsquo;\u00e9tiquetage. Leader des d\u00e9partements r\u00e9glementaires et de l\u2019\u00e9valuation de la s\u00e9curit\u00e9 des produits cosm\u00e9tiques.<\/p>\n<p>Participant \u00e0 des formations professionnelles sur la s\u00e9curit\u00e9 et la qualit\u00e9 des cosm\u00e9tiques et des dispositifs m\u00e9dicaux.<\/p>\n<p>Chimiste th\u00e9oricien dipl\u00f4m\u00e9 de l\u2019Universit\u00e9 de \u0141\u00f3d\u017a, avec une collaboration de longue date au Centre de Recherche Mol\u00e9culaire et Macromol\u00e9culaire PAN \u00e0 \u0141\u00f3d\u017a dans le domaine de la mod\u00e9lisation mol\u00e9culaire. Auteur de plusieurs travaux publi\u00e9s dans des revues scientifiques et techniques. R\u00e9alisateur de subventions NCN.<\/p>\n<p>Passionn\u00e9 de sport et de litt\u00e9rature scientifique-fiction.<\/p>\n<p>\n<\/div><\/div><\/div><\/div><\/div><\/div><\/div><\/div><\/div><div class=\" bt_bb_row_inner\"   data-bt-override-class=\"{}\"><div class=\"bt_bb_row_inner_holder\"  ><div  class=\"bt_bb_column_inner col-xxl-12 col-xl-12 col-xs-12 col-sm-12 col-md-12 col-lg-12 bt_bb_vertical_align_top bt_bb_align_left bt_bb_padding_normal\"  data-width=\"12\" data-bt-override-class=\"{}\"><div class=\"bt_bb_column_inner_content\"><div class=\"bt_bb_column_inner_content_inner\"><div class=\"bt_bb_separator bt_bb_border_style_none bt_bb_bottom_spacing_30\" data-bt-override-class=\"null\"><\/div><div class=\"bt_bb_image bt_bb_shape_square bt_bb_align_inherit bt_bb_hover_style_simple bt_bb_content_display_always bt_bb_content_align_middle bt_bb_remove_padding_yes bt_bb_fill_background_color_full\" data-bt-override-class=\"null\"><span><img src = \"https:\/\/www.gba-polska.pl\/wp-content\/plugins\/bold-page-builder\/img\/blank.gif\" data-full_image_src=\"https:\/\/www.gba-polska.pl\/wp-content\/uploads\/2024\/03\/GBA-POLSKA-KATARZYNA-PIATEK.jpg\" data-image_src=\"https:\/\/www.gba-polska.pl\/wp-content\/uploads\/2024\/03\/GBA-POLSKA-KATARZYNA-PIATEK.jpg\" title=\"GBA-POLSKA-KATARZYNA-PIATEK\" alt=\"https:\/\/www.gba-polska.pl\/wp-content\/uploads\/2024\/03\/GBA-POLSKA-KATARZYNA-PIATEK.jpg\" class=\"btLazyLoadImage\"><\/span><\/div><div class=\"bt_bb_separator bt_bb_border_style_none bt_bb_bottom_spacing_30\" data-bt-override-class=\"null\"><\/div><div  class=\"bt_bb_text\" ><\/p>\n<p><strong>Mgr in\u017c. Katarzyna GRAD<\/strong><\/p>\n<p>\u00c9valuatrice de la s\u00e9curit\u00e9<\/p>\n<p><a style=\"color: #0072b1;\" href=\"https:\/\/www.linkedin.com\/in\/katarzyna-pi%C4%85tek-88158a260\/\"><strong>LinkedIn<\/strong><\/a><\/p>\n<p>\n<\/div><div class=\"bt_bb_separator bt_bb_border_style_none bt_bb_bottom_spacing_10\" data-bt-override-class=\"null\"><\/div><div class=\"bt_bb_accordion bt_bb_color_scheme_5 bt_bb_style_simple bt_bb_shape_square\" style=\"; --accordion-primary-color:#000000; --accordion-secondary-color:#004787;\"><div class=\"bt_bb_accordion_item\"><div class=\"bt_bb_accordion_item_title\">Description<\/div><div class=\"bt_bb_accordion_item_content\"><div  class=\"bt_bb_text\" ><\/p>\n<p>Master en Cosm\u00e9tologie, dipl\u00f4m\u00e9e de l&rsquo;\u00c9cole sup\u00e9rieure de commerce et de sciences de la sant\u00e9 de \u0141\u00f3d\u017a, ing\u00e9nieur en Technologie Alimentaire avec un dipl\u00f4me professionnel obtenu \u00e0 l&rsquo;Universit\u00e9 technique de \u0141\u00f3d\u017a.<\/p>\n<p>Participant aux \u00e9tudes postuniversitaires sur la Qualit\u00e9 et la S\u00e9curit\u00e9 des Produits Cosm\u00e9tiques organis\u00e9es par le D\u00e9partement de Chimie de l&rsquo;Universit\u00e9 de \u0141\u00f3d\u017a.<\/p>\n<p>Elle a orient\u00e9 sa carri\u00e8re professionnelle dans les d\u00e9partements de recherche et d\u00e9veloppement de grandes entreprises cosm\u00e9tiques et pharmaceutiques, se concentrant sur le d\u00e9veloppement du portefeuille de produits \u00e0 travers la formulation, la r\u00e9alisation de recherches et la cr\u00e9ation de PIF pour les produits cosm\u00e9tiques.<\/p>\n<p>Dans le domaine pharmaceutique, elle a travaill\u00e9 dans les d\u00e9partements R&amp;D et Contr\u00f4le de la Qualit\u00e9 des M\u00e9dicaments, en mettant en \u0153uvre des m\u00e9thodes de recherche pharmacopeiques, notamment pour les produits m\u00e9dicinaux \u00e0 base de plantes et l&rsquo;analyse des mati\u00e8res premi\u00e8res pharmaceutiques et des produits finis. Pendant environ 4 ans, elle s&rsquo;est perfectionn\u00e9e en chromatographie liquide dans le cadre des Bonnes Pratiques de Fabrication (GMP).<\/p>\n<p>Elle a particip\u00e9 \u00e0 de nombreuses formations sur des sujets technologiques et analytiques, ainsi que sur les normes ISO, les exigences GMP et le travail dans des laboratoires accr\u00e9dit\u00e9s.<\/p>\n<p>En tant que repr\u00e9sentante de l&rsquo;entreprise, elle est membre de la F\u00e9d\u00e9ration Polonaise de l&rsquo;Industrie Cosm\u00e9tique et de l&rsquo;Association Polonaise des Cosm\u00e9tiques et D\u00e9tergents.<\/p>\n<p>\n<\/div><\/div><\/div><\/div><\/div><\/div><\/div><\/div><\/div><div class=\" bt_bb_row_inner\"   data-bt-override-class=\"{}\"><div class=\"bt_bb_row_inner_holder\"  ><div  class=\"bt_bb_column_inner col-xxl-12 col-xl-12 col-xs-12 col-sm-12 col-md-12 col-lg-12 bt_bb_vertical_align_top bt_bb_align_left bt_bb_padding_normal\"  data-width=\"12\" data-bt-override-class=\"{}\"><div class=\"bt_bb_column_inner_content\"><div class=\"bt_bb_column_inner_content_inner\"><div class=\"bt_bb_separator bt_bb_border_style_none bt_bb_bottom_spacing_30\" data-bt-override-class=\"null\"><\/div><div class=\"bt_bb_image bt_bb_shape_square bt_bb_align_inherit bt_bb_hover_style_simple bt_bb_content_display_always bt_bb_content_align_middle bt_bb_remove_padding_yes bt_bb_fill_background_color_full\" data-bt-override-class=\"null\"><span><img src = \"https:\/\/www.gba-polska.pl\/wp-content\/plugins\/bold-page-builder\/img\/blank.gif\" data-full_image_src=\"https:\/\/www.gba-polska.pl\/wp-content\/uploads\/2024\/03\/GBA-POLSKA-MARTA-ROSINSKA.jpg\" data-image_src=\"https:\/\/www.gba-polska.pl\/wp-content\/uploads\/2024\/03\/GBA-POLSKA-MARTA-ROSINSKA.jpg\" title=\"GBA-POLSKA-MARTA-ROSINSKA\" alt=\"https:\/\/www.gba-polska.pl\/wp-content\/uploads\/2024\/03\/GBA-POLSKA-MARTA-ROSINSKA.jpg\" class=\"btLazyLoadImage\"><\/span><\/div><div class=\"bt_bb_separator bt_bb_border_style_none bt_bb_bottom_spacing_30\" data-bt-override-class=\"null\"><\/div><div  class=\"bt_bb_text\" ><\/p>\n<p><strong>Marta ROSI\u0143SKA<\/strong><\/p>\n<p>Global Regulatory Affairs Manager<\/p>\n<p><a style=\"color: #0072b1;\" href=\"http:\/\/linkedin.com\/in\/marta-rosi\u0144ska-0673191a4\/\"><strong>LinkedIn<\/strong><\/a><\/p>\n<p>\n<\/div><div class=\"bt_bb_separator bt_bb_border_style_none bt_bb_bottom_spacing_10\" data-bt-override-class=\"null\"><\/div><div class=\"bt_bb_accordion bt_bb_color_scheme_5 bt_bb_style_simple bt_bb_shape_square\" style=\"; --accordion-primary-color:#000000; --accordion-secondary-color:#004787;\"><div class=\"bt_bb_accordion_item\"><div class=\"bt_bb_accordion_item_title\">Description<\/div><div class=\"bt_bb_accordion_item_content\"><div  class=\"bt_bb_text\" ><\/p>\n<p>Leader avec 10 ans d&rsquo;exp\u00e9rience dans la gestion d&rsquo;\u00e9quipe. Responsable du laboratoire de cosm\u00e9tologie, r\u00e9alisant des recherches sur les cosm\u00e9tiques, les dispositifs m\u00e9dicaux et les compl\u00e9ments alimentaires. Elle a cofond\u00e9 le laboratoire depuis ses d\u00e9buts et a ouvert trois de ses sites.<\/p>\n<p>En \u00e9coutant les besoins des clients et en r\u00e9pondant \u00e0 leurs attentes, elle a mis en \u0153uvre de nombreuses m\u00e9thodes de recherche sur les cosm\u00e9tiques dans le domaine des recherches dermatologiques, des dispositifs instrumentaux pour la peau, y compris les tests de bronzage. Pour am\u00e9liorer la qualit\u00e9 des recherches men\u00e9es et assurer la s\u00e9curit\u00e9 des volontaires, elle a introduit le syst\u00e8me GCP (Good Clinical Practice).<\/p>\n<p>Experte en \u00e9valuation de la s\u00e9curit\u00e9 des cosm\u00e9tiques, Safety Assessor avec des qualifications confirm\u00e9es par un certificat de la Vrije Universiteit \u00e0 Bruxelles.<\/p>\n<p>Pendant environ 10 ans, elle a \u00e9t\u00e9 sp\u00e9cialiste en d\u00e9ploiement dans une entreprise produisant des mati\u00e8res premi\u00e8res pour cosm\u00e9tiques. Experte des r\u00e8glements REACH et cr\u00e9atrice de fiches de donn\u00e9es de s\u00e9curit\u00e9.<\/p>\n<p>Elle est dipl\u00f4m\u00e9e en biotechnologie de l&rsquo;Universit\u00e9 de Technologie de Gda\u0144sk et de l&rsquo;\u00c9cole Sup\u00e9rieure de Cosm\u00e9tiques et de Soins de la Sant\u00e9 \u00e0 Varsovie.<\/p>\n<p>Elle a particip\u00e9 \u00e0 plusieurs dizaines de formations et de cours professionnels sur les cosm\u00e9tiques, les dispositifs m\u00e9dicaux et les m\u00e9dicaments. Par le pass\u00e9, elle a \u00e9t\u00e9 membre, au nom de son entreprise, de la F\u00e9d\u00e9ration Polonaise de l&rsquo;Industrie Cosm\u00e9tique (PZPK) et du Comit\u00e9 Polonais de Normalisation (PKN).<\/p>\n<p>Conf\u00e9renci\u00e8re et organisatrice de formations professionnelles et de projets. Passionn\u00e9e par la litt\u00e9rature sur les brevets et la l\u00e9gislation, adepte du LEAN, elle am\u00e9liore constamment son organisation du travail, mais surtout, elle est toujours pr\u00eate \u00e0 aider les autres.<\/p>\n<p>\n<\/div><\/div><\/div><\/div><\/div><\/div><\/div><\/div><\/div><\/div>\r\n\t\t<\/div><\/div><\/div><\/div><\/div><\/div><\/div><\/div><\/div><!-- cell_inner --><\/div><!-- cell --><\/div><!-- port --><\/section><\/p>\n","protected":false},"excerpt":{"rendered":"<p>Appropriately empower dynamic leadership skills after business portals. Globally myocardinate interactive supply chains with distinctive quality vectors. Globally revolutionize global sources through interoperable services.<\/p>\n","protected":false},"author":4,"featured_media":12934,"parent":0,"menu_order":0,"comment_status":"closed","ping_status":"closed","template":"","meta":{"inline_featured_image":false,"footnotes":""},"class_list":["post-12954","page","type-page","status-publish","has-post-thumbnail","hentry"],"_links":{"self":[{"href":"https:\/\/www.gba-polska.pl\/fr\/wp-json\/wp\/v2\/pages\/12954","targetHints":{"allow":["GET"]}}],"collection":[{"href":"https:\/\/www.gba-polska.pl\/fr\/wp-json\/wp\/v2\/pages"}],"about":[{"href":"https:\/\/www.gba-polska.pl\/fr\/wp-json\/wp\/v2\/types\/page"}],"author":[{"embeddable":true,"href":"https:\/\/www.gba-polska.pl\/fr\/wp-json\/wp\/v2\/users\/4"}],"replies":[{"embeddable":true,"href":"https:\/\/www.gba-polska.pl\/fr\/wp-json\/wp\/v2\/comments?post=12954"}],"version-history":[{"count":4,"href":"https:\/\/www.gba-polska.pl\/fr\/wp-json\/wp\/v2\/pages\/12954\/revisions"}],"predecessor-version":[{"id":12998,"href":"https:\/\/www.gba-polska.pl\/fr\/wp-json\/wp\/v2\/pages\/12954\/revisions\/12998"}],"wp:featuredmedia":[{"embeddable":true,"href":"https:\/\/www.gba-polska.pl\/fr\/wp-json\/wp\/v2\/media\/12934"}],"wp:attachment":[{"href":"https:\/\/www.gba-polska.pl\/fr\/wp-json\/wp\/v2\/media?parent=12954"}],"curies":[{"name":"wp","href":"https:\/\/api.w.org\/{rel}","templated":true}]}}